{"id":27,"date":"2016-02-26T10:00:42","date_gmt":"2016-02-26T10:00:42","guid":{"rendered":"http:\/\/koebenhavn.danmarksveteraner.dk\/wordpress\/?page_id=27"},"modified":"2026-04-12T11:48:25","modified_gmt":"2026-04-12T09:48:25","slug":"forside","status":"publish","type":"page","link":"https:\/\/koebenhavn.danmarksveteraner.dk\/wordpress\/","title":{"rendered":"Velkommen"},"content":{"rendered":"<p style=\"text-align: left;\"><strong>Protektor:\u00a0<br \/><\/strong>Hans Kongelige H\u00f8jhed\u00a0Prins Joachim<\/p>\n<p><a href=\"https:\/\/koebenhavn.danmarksveteraner.dk\/wordpress\/wp-content\/uploads\/2024\/11\/Protektor-Prins-Joachim-e1730500038701.jpg\"><img loading=\"lazy\" decoding=\"async\" class=\"alignnone size-thumbnail wp-image-1458\" src=\"https:\/\/koebenhavn.danmarksveteraner.dk\/wordpress\/wp-content\/uploads\/2024\/11\/Protektor-Prins-Joachim-e1730500038701-150x150.jpg\" alt=\"\" width=\"150\" height=\"150\" \/><\/a><\/p>\n<p><strong>Velkommen til Danmarks Veteraner, Lokalforening Stork\u00f8benhavn.<br \/><\/strong>Vi er en lokalforening af foreningen Danmarks Veteraner, der samler danske kvinder og m\u00e6nd som opfylder regeringens kriterier for at v\u00e6re &#8220;VETERAN&#8221; og har modtaget en officiel medalje og \/ eller det officielle veterankort for deltagelse i en international operation.<\/p>\n<p>Vil du vide mere om, hvem Danmarks Veteraner er, kan det l\u00e6ses ved at f\u00f8lge dette <a href=\"http:\/\/koebenhavn.danmarksveteraner.dk\/wordpress\/?page_id=312\" target=\"_blank\" rel=\"noopener noreferrer\">Link<\/a><\/p>\n<h6>Kommende aktiviteter:<\/h6>\n<div>Se under menupunktet &#8220;Aktiviteter&#8221;. Herunder er en mere prosa-beskrivelse af den kommende m\u00e5ned:<\/div>\n<div>\u00a0<\/div>\n<div><hr \/><\/div>\n<div>\n<h5>April<\/h5>\n<\/div>\n<div><hr \/>\n<p>April er m\u00e5neden med omskifteligt vejr. Det g\u00e6lder ogs\u00e5 for afholdelsestidspunkterne for vores parader. Normalt afholdes NATO-paraden den 4. april &#8211; p\u00e5 NATO&#8217;s &#8220;f\u00f8dselsdag&#8221;. Men grundet konflikt med P\u00e5sken, er paraden i \u00e5r flyttet til den 8. april. Tilmelding vi hovedforeningens hjemmeside.\u00a0<\/p>\n<p>Vi har m\u00f8bleret en smule rundt i bunkeren og f\u00e5et ryddet lidt ud hist og her. I den sammenh\u00e6ng kan vi ikke takke Kommandantskabet i Kastellet nok for assistancen. Det er simpelthen en forn\u00f8jelse at have til huse i s\u00e5 smukke omgivelser og med s\u00e5 fantastisk en vicev\u00e6rtfunktion. Af hjertet tak for hj\u00e6lpen.\u00a0<\/p>\n<p>Vi deltager naturligvis i Kastellets markering af Store Bededag. Det sker ved et stort \u00e5ben-hus-arrangement aftenen f\u00f8r Store Bededag. Det er en meget gammel k\u00f8benhavnertradition. Vi mener, at det nu ogs\u00e5 er en tradition for DV Stork\u00f8benhavn at holde bunkeren \u00e5ben denne aften og glad fort\u00e6lle om ikke kun bunkeren, men ogs\u00e5 om veteranarbejdet i Danmark.\u00a0<\/p>\n<\/div>\n<p>Du kan l\u00e6se meget mere om dette <a href=\"https:\/\/www.forsvaret.dk\/da\/arrangementer\/2026\/bededagsaften-kastellet\/\" target=\"_blank\" rel=\"noopener\">\u00e5ben-hus-arrangement via dette link!<\/a><\/p>\n<div>\n<p>P\u00e5 bestyrelsens vegne<\/p>\n<\/div>\n<p>Per Jensen<br \/>formand\u00a0<\/p>\n<div>\u00a0<\/div>\n<hr \/>\n<p><a href=\"https:\/\/www.facebook.com\/profile.php?id=100089654274798\">F\u00f8lg os ogs\u00e5 p\u00e5 Facebook<\/a><\/p>\n<p style=\"text-align: center;\">\u00a0<\/p>\n\n\n<p><\/p>\n","protected":false},"excerpt":{"rendered":"<p>Protektor:\u00a0Hans Kongelige H\u00f8jhed\u00a0Prins Joachim Velkommen til Danmarks Veteraner, Lokalforening Stork\u00f8benhavn.Vi er en lokalforening af foreningen Danmarks Veteraner, der samler danske<\/p>\n","protected":false},"author":1,"featured_media":375,"parent":0,"menu_order":0,"comment_status":"closed","ping_status":"closed","template":"","meta":{"colormag_page_container_layout":"no_sidebar_full_width","colormag_page_sidebar_layout":"right_sidebar","footnotes":""},"class_list":["post-27","page","type-page","status-publish","has-post-thumbnail","hentry"],"_links":{"self":[{"href":"https:\/\/koebenhavn.danmarksveteraner.dk\/wordpress\/index.php?rest_route=\/wp\/v2\/pages\/27","targetHints":{"allow":["GET"]}}],"collection":[{"href":"https:\/\/koebenhavn.danmarksveteraner.dk\/wordpress\/index.php?rest_route=\/wp\/v2\/pages"}],"about":[{"href":"https:\/\/koebenhavn.danmarksveteraner.dk\/wordpress\/index.php?rest_route=\/wp\/v2\/types\/page"}],"author":[{"embeddable":true,"href":"https:\/\/koebenhavn.danmarksveteraner.dk\/wordpress\/index.php?rest_route=\/wp\/v2\/users\/1"}],"replies":[{"embeddable":true,"href":"https:\/\/koebenhavn.danmarksveteraner.dk\/wordpress\/index.php?rest_route=%2Fwp%2Fv2%2Fcomments&post=27"}],"version-history":[{"count":252,"href":"https:\/\/koebenhavn.danmarksveteraner.dk\/wordpress\/index.php?rest_route=\/wp\/v2\/pages\/27\/revisions"}],"predecessor-version":[{"id":1551,"href":"https:\/\/koebenhavn.danmarksveteraner.dk\/wordpress\/index.php?rest_route=\/wp\/v2\/pages\/27\/revisions\/1551"}],"wp:featuredmedia":[{"embeddable":true,"href":"https:\/\/koebenhavn.danmarksveteraner.dk\/wordpress\/index.php?rest_route=\/wp\/v2\/media\/375"}],"wp:attachment":[{"href":"https:\/\/koebenhavn.danmarksveteraner.dk\/wordpress\/index.php?rest_route=%2Fwp%2Fv2%2Fmedia&parent=27"}],"curies":[{"name":"wp","href":"https:\/\/api.w.org\/{rel}","templated":true}]}}